{"id":10799,"date":"2022-06-12T10:13:12","date_gmt":"2022-06-12T10:13:12","guid":{"rendered":"https:\/\/iesjuandemairena.org\/?page_id=10799"},"modified":"2025-06-26T07:00:08","modified_gmt":"2025-06-26T07:00:08","slug":"optativas","status":"publish","type":"page","link":"https:\/\/iesjuandemairena.org\/index.php\/optativas\/","title":{"rendered":"Optativas"},"content":{"rendered":"\t\t<div data-elementor-type=\"wp-page\" data-elementor-id=\"10799\" class=\"elementor elementor-10799\">\n\t\t\t\t\t\t<div class=\"elementor-inner\">\n\t\t\t\t<div class=\"elementor-section-wrap\">\n\t\t\t\t\t\t\t\t\t<section class=\"elementor-section elementor-top-section elementor-element elementor-element-8eb3e75 elementor-section-boxed elementor-section-height-default elementor-section-height-default\" data-id=\"8eb3e75\" data-element_type=\"section\">\n\t\t\t\t\t\t<div class=\"elementor-container elementor-column-gap-default\">\n\t\t\t\t\t\t\t<div class=\"elementor-row\">\n\t\t\t\t\t<div class=\"elementor-column elementor-col-100 elementor-top-column elementor-element elementor-element-2b924d6\" data-id=\"2b924d6\" data-element_type=\"column\">\n\t\t\t<div class=\"elementor-column-wrap elementor-element-populated\">\n\t\t\t\t\t\t\t<div class=\"elementor-widget-wrap\">\n\t\t\t\t\t\t<div class=\"elementor-element elementor-element-8e5a750 elementor-widget elementor-widget-text-editor\" data-id=\"8e5a750\" data-element_type=\"widget\" data-widget_type=\"text-editor.default\">\n\t\t\t\t<div class=\"elementor-widget-container\">\n\t\t\t\t\t\t\t\t<div class=\"elementor-text-editor elementor-clearfix\">\n\t\t\t\t<h3><strong>1\u00ba ESO<\/strong><\/h3><p>S\u00f3lo se cursar\u00e1 una asignatura<\/p>\t\t\t\t\t<\/div>\n\t\t\t\t\t\t<\/div>\n\t\t\t\t<\/div>\n\t\t\t\t<div class=\"elementor-element elementor-element-7a6f892 elementor-widget elementor-widget-accordion\" data-id=\"7a6f892\" data-element_type=\"widget\" data-widget_type=\"accordion.default\">\n\t\t\t\t<div class=\"elementor-widget-container\">\n\t\t\t\t\t<div class=\"elementor-accordion\" role=\"tablist\">\n\t\t\t\t\t\t\t<div class=\"elementor-accordion-item\">\n\t\t\t\t\t<div id=\"elementor-tab-title-1281\" class=\"elementor-tab-title\" data-tab=\"1\" role=\"tab\" aria-controls=\"elementor-tab-content-1281\" aria-expanded=\"false\">\n\t\t\t\t\t\t\t\t\t\t\t\t\t<span class=\"elementor-accordion-icon elementor-accordion-icon-left\" aria-hidden=\"true\">\n\t\t\t\t\t\t\t\t\t\t\t\t\t\t\t<span class=\"elementor-accordion-icon-closed\"><i class=\"fas fa-plus\"><\/i><\/span>\n\t\t\t\t\t\t\t\t<span class=\"elementor-accordion-icon-opened\"><i class=\"fas fa-minus\"><\/i><\/span>\n\t\t\t\t\t\t\t\t\t\t\t\t\t\t<\/span>\n\t\t\t\t\t\t\t\t\t\t\t\t<a class=\"elementor-accordion-title\" href=\"\">Optativas 2 horas<\/a>\n\t\t\t\t\t<\/div>\n\t\t\t\t\t<div id=\"elementor-tab-content-1281\" class=\"elementor-tab-content elementor-clearfix\" data-tab=\"1\" role=\"tabpanel\" aria-labelledby=\"elementor-tab-title-1281\"><ul><li><a href=\"https:\/\/iesjuandemairena.org\/wp-content\/uploads\/2023\/06\/Informacion-1o-ESO-Computacion-y-Robotica.pdf\" target=\"_blank\" rel=\"noopener\">Computaci\u00f3n y Rob\u00f3tica<\/a><\/li><li><a href=\"https:\/\/iesjuandemairena.org\/wp-content\/uploads\/2022\/matriculacion\/CULCLA1.pdf\" target=\"_blank\" rel=\"noopener\">Cultura Cl\u00e1sica<\/a><\/li><li><a href=\"https:\/\/iesjuandemairena.org\/wp-content\/uploads\/2022\/06\/Modelo-informacion-Oratoria-1o-ESO.pdf\">Oratoria y Debate<\/a><\/li><\/ul><\/div>\n\t\t\t\t<\/div>\n\t\t\t\t\t\t\t\t<\/div>\n\t\t\t\t<\/div>\n\t\t\t\t<\/div>\n\t\t\t\t<div class=\"elementor-element elementor-element-5da3835 elementor-widget elementor-widget-text-editor\" data-id=\"5da3835\" data-element_type=\"widget\" data-widget_type=\"text-editor.default\">\n\t\t\t\t<div class=\"elementor-widget-container\">\n\t\t\t\t\t\t\t\t<div class=\"elementor-text-editor elementor-clearfix\">\n\t\t\t\t<h3><strong>2\u00ba ESO<\/strong><\/h3><div>S\u00f3lo se cursar\u00e1 una asignatura<\/div>\t\t\t\t\t<\/div>\n\t\t\t\t\t\t<\/div>\n\t\t\t\t<\/div>\n\t\t\t\t<div class=\"elementor-element elementor-element-81518b2 elementor-widget elementor-widget-accordion\" data-id=\"81518b2\" data-element_type=\"widget\" data-widget_type=\"accordion.default\">\n\t\t\t\t<div class=\"elementor-widget-container\">\n\t\t\t\t\t<div class=\"elementor-accordion\" role=\"tablist\">\n\t\t\t\t\t\t\t<div class=\"elementor-accordion-item\">\n\t\t\t\t\t<div id=\"elementor-tab-title-1351\" class=\"elementor-tab-title\" data-tab=\"1\" role=\"tab\" aria-controls=\"elementor-tab-content-1351\" aria-expanded=\"false\">\n\t\t\t\t\t\t\t\t\t\t\t\t\t<span class=\"elementor-accordion-icon elementor-accordion-icon-left\" aria-hidden=\"true\">\n\t\t\t\t\t\t\t\t\t\t\t\t\t\t\t<span class=\"elementor-accordion-icon-closed\"><i class=\"fas fa-plus\"><\/i><\/span>\n\t\t\t\t\t\t\t\t<span class=\"elementor-accordion-icon-opened\"><i class=\"fas fa-minus\"><\/i><\/span>\n\t\t\t\t\t\t\t\t\t\t\t\t\t\t<\/span>\n\t\t\t\t\t\t\t\t\t\t\t\t<a class=\"elementor-accordion-title\" href=\"\">Optativas 2 horas<\/a>\n\t\t\t\t\t<\/div>\n\t\t\t\t\t<div id=\"elementor-tab-content-1351\" class=\"elementor-tab-content elementor-clearfix\" data-tab=\"1\" role=\"tabpanel\" aria-labelledby=\"elementor-tab-title-1351\"><ul><li><a href=\"https:\/\/iesjuandemairena.org\/wp-content\/uploads\/2023\/06\/Informacion-2o-ESO-Computacion-y-Robotica_Web.pdf\" target=\"_blank\" rel=\"noopener\">Computaci\u00f3n y Rob\u00f3tica<\/a><\/li><li><a href=\"https:\/\/iesjuandemairena.org\/wp-content\/uploads\/2022\/06\/CULCLA2.pdf\">Cultura Cl\u00e1sica<\/a><\/li><li><a href=\"https:\/\/iesjuandemairena.org\/wp-content\/uploads\/2022\/06\/Modelo-informativo-Oratoria-2o-ESO.pdf\">Oratoria y Debate<\/a><\/li><li><a href=\"https:\/\/iesjuandemairena.org\/wp-content\/uploads\/2023\/06\/Frances-ESO-.pdf\" target=\"_blank\" rel=\"noopener\">Franc\u00e9s Segundo Idioma<\/a><\/li><li><a href=\"https:\/\/iesjuandemairena.org\/wp-content\/uploads\/2025\/06\/PEPA.docx.pdf\" target=\"_blank\" rel=\"noopener\">Proyecto de Educaci\u00f3n Pl\u00e1stica y Audiovisual<\/a><\/li><\/ul><\/div>\n\t\t\t\t<\/div>\n\t\t\t\t\t\t\t\t<\/div>\n\t\t\t\t<\/div>\n\t\t\t\t<\/div>\n\t\t\t\t<div class=\"elementor-element elementor-element-6ef11d2 elementor-widget elementor-widget-text-editor\" data-id=\"6ef11d2\" data-element_type=\"widget\" data-widget_type=\"text-editor.default\">\n\t\t\t\t<div class=\"elementor-widget-container\">\n\t\t\t\t\t\t\t\t<div class=\"elementor-text-editor elementor-clearfix\">\n\t\t\t\t<h3><strong>3\u00ba ESO<\/strong><\/h3><div>Solo se cursar\u00e1 una asignatura<\/div>\t\t\t\t\t<\/div>\n\t\t\t\t\t\t<\/div>\n\t\t\t\t<\/div>\n\t\t\t\t<div class=\"elementor-element elementor-element-87e585a elementor-widget elementor-widget-accordion\" data-id=\"87e585a\" data-element_type=\"widget\" data-widget_type=\"accordion.default\">\n\t\t\t\t<div class=\"elementor-widget-container\">\n\t\t\t\t\t<div class=\"elementor-accordion\" role=\"tablist\">\n\t\t\t\t\t\t\t<div class=\"elementor-accordion-item\">\n\t\t\t\t\t<div id=\"elementor-tab-title-1421\" class=\"elementor-tab-title\" data-tab=\"1\" role=\"tab\" aria-controls=\"elementor-tab-content-1421\" aria-expanded=\"false\">\n\t\t\t\t\t\t\t\t\t\t\t\t\t<span class=\"elementor-accordion-icon elementor-accordion-icon-left\" aria-hidden=\"true\">\n\t\t\t\t\t\t\t\t\t\t\t\t\t\t\t<span class=\"elementor-accordion-icon-closed\"><i class=\"fas fa-plus\"><\/i><\/span>\n\t\t\t\t\t\t\t\t<span class=\"elementor-accordion-icon-opened\"><i class=\"fas fa-minus\"><\/i><\/span>\n\t\t\t\t\t\t\t\t\t\t\t\t\t\t<\/span>\n\t\t\t\t\t\t\t\t\t\t\t\t<a class=\"elementor-accordion-title\" href=\"\">Optativas 2 horas<\/a>\n\t\t\t\t\t<\/div>\n\t\t\t\t\t<div id=\"elementor-tab-content-1421\" class=\"elementor-tab-content elementor-clearfix\" data-tab=\"1\" role=\"tabpanel\" aria-labelledby=\"elementor-tab-title-1421\"><ul><li><a href=\"https:\/\/iesjuandemairena.org\/wp-content\/uploads\/2023\/06\/Informacion-3o-ESO-Computacion-y-Robotica_Web.pdf\" target=\"_blank\" rel=\"noopener\">Computaci\u00f3n y Rob\u00f3tica<\/a><\/li><li><a href=\"https:\/\/iesjuandemairena.org\/wp-content\/uploads\/2022\/06\/CULCLA3.pdf\">Cultura Cl\u00e1sica<\/a><\/li><li><a href=\"https:\/\/iesjuandemairena.org\/wp-content\/uploads\/2022\/06\/Modelo-informativo-Oratoria-3o-ESO.pdf\">Oratoria y Debate<\/a><\/li><li><a href=\"https:\/\/iesjuandemairena.org\/wp-content\/uploads\/2023\/06\/Frances-ESO-.pdf\" target=\"_blank\" rel=\"noopener\">Franc\u00e9s Segundo Idioma<\/a><\/li><li>Cultura del Flamenco<\/li><li><a href=\"https:\/\/iesjuandemairena.org\/wp-content\/uploads\/2023\/06\/Informacion-IAEE-3_ESO.pdf\" target=\"_blank\" rel=\"noopener\">Iniciaci\u00f3n a la Actividad Emprendedora y Empresarial<\/a><\/li><\/ul><\/div>\n\t\t\t\t<\/div>\n\t\t\t\t\t\t\t\t<\/div>\n\t\t\t\t<\/div>\n\t\t\t\t<\/div>\n\t\t\t\t<div class=\"elementor-element elementor-element-9717cb1 elementor-widget elementor-widget-text-editor\" data-id=\"9717cb1\" data-element_type=\"widget\" data-widget_type=\"text-editor.default\">\n\t\t\t\t<div class=\"elementor-widget-container\">\n\t\t\t\t\t\t\t\t<div class=\"elementor-text-editor elementor-clearfix\">\n\t\t\t\t<h3><strong>4\u00ba ESO<\/strong><\/h3>\t\t\t\t\t<\/div>\n\t\t\t\t\t\t<\/div>\n\t\t\t\t<\/div>\n\t\t\t\t<div class=\"elementor-element elementor-element-61fbe2f elementor-widget elementor-widget-accordion\" data-id=\"61fbe2f\" data-element_type=\"widget\" data-widget_type=\"accordion.default\">\n\t\t\t\t<div class=\"elementor-widget-container\">\n\t\t\t\t\t<div class=\"elementor-accordion\" role=\"tablist\">\n\t\t\t\t\t\t\t<div class=\"elementor-accordion-item\">\n\t\t\t\t\t<div id=\"elementor-tab-title-1021\" class=\"elementor-tab-title\" data-tab=\"1\" role=\"tab\" aria-controls=\"elementor-tab-content-1021\" aria-expanded=\"false\">\n\t\t\t\t\t\t\t\t\t\t\t\t\t<span class=\"elementor-accordion-icon elementor-accordion-icon-left\" aria-hidden=\"true\">\n\t\t\t\t\t\t\t\t\t\t\t\t\t\t\t<span class=\"elementor-accordion-icon-closed\"><i class=\"fas fa-plus\"><\/i><\/span>\n\t\t\t\t\t\t\t\t<span class=\"elementor-accordion-icon-opened\"><i class=\"fas fa-minus\"><\/i><\/span>\n\t\t\t\t\t\t\t\t\t\t\t\t\t\t<\/span>\n\t\t\t\t\t\t\t\t\t\t\t\t<a class=\"elementor-accordion-title\" href=\"\">Optativas 3 horas<\/a>\n\t\t\t\t\t<\/div>\n\t\t\t\t\t<div id=\"elementor-tab-content-1021\" class=\"elementor-tab-content elementor-clearfix\" data-tab=\"1\" role=\"tabpanel\" aria-labelledby=\"elementor-tab-title-1021\"><div>Se cursar\u00e1n 3 optativas seg\u00fan el itinerario al finalizar la ESO:<\/div><ul><li>Biolog\u00eda y Geolog\u00eda<\/li><li><a href=\"https:\/\/iesjuandemairena.org\/wp-content\/uploads\/2023\/06\/Presentacion-4o-ESO-FQ.pdf\" target=\"_blank\" rel=\"noopener\">F\u00edsica y Qu\u00edmica<\/a><\/li><li><a href=\"https:\/\/iesjuandemairena.org\/wp-content\/uploads\/2023\/06\/Informacion-Economia-y-Emprendimiento-4_-ESO.docx.pdf\" target=\"_blank\" rel=\"noopener\">Econom\u00eda y Emprendimiento<\/a><\/li><li><a href=\"https:\/\/iesjuandemairena.org\/wp-content\/uploads\/2023\/06\/LA-OPTATIVA-DE-LATI\u0301N-DE-4o-DE-E.pdf\" target=\"_blank\" rel=\"noopener\">Lat\u00edn<\/a><\/li><li><a href=\"https:\/\/iesjuandemairena.org\/wp-content\/uploads\/2023\/06\/Informacion-Formacion-y-Orientacion-Personal-y-Profesional_4_-ESO.docx.pdf\" target=\"_blank\" rel=\"noopener\">Formaci\u00f3n y Orientaci\u00f3n Personal y Profesional<\/a><\/li><li>M\u00fasica<\/li><li><a href=\"https:\/\/iesjuandemairena.org\/wp-content\/uploads\/2022\/06\/Informacion-asignatura-Tecnologia.pdf\">Tecnolog\u00eda<\/a><\/li><li><a href=\"https:\/\/iesjuandemairena.org\/wp-content\/uploads\/2023\/06\/Frances-ESO-.pdf\" target=\"_blank\" rel=\"noopener\">Franc\u00e9s Segundo Idioma<\/a><\/li><li><a href=\"https:\/\/iesjuandemairena.org\/wp-content\/uploads\/2022\/06\/Informacion-4o-ESO-Tecnologias-de-la-Informacion-y-la-Comunicacion.pdf\">Digitalizaci\u00f3n<\/a><\/li><li><a href=\"https:\/\/iesjuandemairena.org\/wp-content\/uploads\/2025\/06\/EXPRESION-ARTISTICA-4o-ESO.docx.pdf\" target=\"_blank\" rel=\"noopener\">Expresi\u00f3n Art\u00edstica<\/a><\/li><\/ul><\/div>\n\t\t\t\t<\/div>\n\t\t\t\t\t\t\t<div class=\"elementor-accordion-item\">\n\t\t\t\t\t<div id=\"elementor-tab-title-1022\" class=\"elementor-tab-title\" data-tab=\"2\" role=\"tab\" aria-controls=\"elementor-tab-content-1022\" aria-expanded=\"false\">\n\t\t\t\t\t\t\t\t\t\t\t\t\t<span class=\"elementor-accordion-icon elementor-accordion-icon-left\" aria-hidden=\"true\">\n\t\t\t\t\t\t\t\t\t\t\t\t\t\t\t<span class=\"elementor-accordion-icon-closed\"><i class=\"fas fa-plus\"><\/i><\/span>\n\t\t\t\t\t\t\t\t<span class=\"elementor-accordion-icon-opened\"><i class=\"fas fa-minus\"><\/i><\/span>\n\t\t\t\t\t\t\t\t\t\t\t\t\t\t<\/span>\n\t\t\t\t\t\t\t\t\t\t\t\t<a class=\"elementor-accordion-title\" href=\"\">Optativas propias de la Comunidad<\/a>\n\t\t\t\t\t<\/div>\n\t\t\t\t\t<div id=\"elementor-tab-content-1022\" class=\"elementor-tab-content elementor-clearfix\" data-tab=\"2\" role=\"tabpanel\" aria-labelledby=\"elementor-tab-title-1022\"><ul>\n<li><a href=\"https:\/\/iesjuandemairena.org\/wp-content\/uploads\/2022\/06\/Optativa-Cultura-Cientifica-4o.pdf\">Cultura Cient\u00edfica<\/a><\/li>\n<li>Artes Esc\u00e9nicas y Danza<\/li>\n<li><a href=\"https:\/\/iesjuandemairena.org\/wp-content\/uploads\/2023\/06\/Informacion-4Ao-ESO-ComputaciA\u00b3n-y-RobA\u00b3tica_Web.pdf\" target=\"_blank\">Computaci\u00f3n<\/a>&nbsp;<span style=\"color: #ff0000;\">(Solo alumnado que no curse Digitalizaci\u00f3n)<\/span><\/li>\n<li>Ampliaci\u00f3n de Cultura Cl\u00e1sica<\/li>\n<li>Dibujo T\u00e9cnico<\/li>\n<li><a href=\"https:\/\/iesjuandemairena.org\/wp-content\/uploads\/2022\/06\/FILOSOFI%CC%81A-DE-4o-DE-ESO.pdf\">Filosof\u00eda<\/a><\/li>\n<\/ul><\/div>\n\t\t\t\t<\/div>\n\t\t\t\t\t\t\t\t<\/div>\n\t\t\t\t<\/div>\n\t\t\t\t<\/div>\n\t\t\t\t<div class=\"elementor-element elementor-element-33a2ba8 elementor-widget elementor-widget-text-editor\" data-id=\"33a2ba8\" data-element_type=\"widget\" data-widget_type=\"text-editor.default\">\n\t\t\t\t<div class=\"elementor-widget-container\">\n\t\t\t\t\t\t\t\t<div class=\"elementor-text-editor elementor-clearfix\">\n\t\t\t\t<h3><strong>1\u00ba Bachillerato<\/strong><\/h3>\t\t\t\t\t<\/div>\n\t\t\t\t\t\t<\/div>\n\t\t\t\t<\/div>\n\t\t\t\t<div class=\"elementor-element elementor-element-a6b5aa0 elementor-widget elementor-widget-accordion\" data-id=\"a6b5aa0\" data-element_type=\"widget\" data-widget_type=\"accordion.default\">\n\t\t\t\t<div class=\"elementor-widget-container\">\n\t\t\t\t\t<div class=\"elementor-accordion\" role=\"tablist\">\n\t\t\t\t\t\t\t<div class=\"elementor-accordion-item\">\n\t\t\t\t\t<div id=\"elementor-tab-title-1741\" class=\"elementor-tab-title\" data-tab=\"1\" role=\"tab\" aria-controls=\"elementor-tab-content-1741\" aria-expanded=\"false\">\n\t\t\t\t\t\t\t\t\t\t\t\t\t<span class=\"elementor-accordion-icon elementor-accordion-icon-left\" aria-hidden=\"true\">\n\t\t\t\t\t\t\t\t\t\t\t\t\t\t\t<span class=\"elementor-accordion-icon-closed\"><i class=\"fas fa-plus\"><\/i><\/span>\n\t\t\t\t\t\t\t\t<span class=\"elementor-accordion-icon-opened\"><i class=\"fas fa-minus\"><\/i><\/span>\n\t\t\t\t\t\t\t\t\t\t\t\t\t\t<\/span>\n\t\t\t\t\t\t\t\t\t\t\t\t<a class=\"elementor-accordion-title\" href=\"\">Optativas 4 horas<\/a>\n\t\t\t\t\t<\/div>\n\t\t\t\t\t<div id=\"elementor-tab-content-1741\" class=\"elementor-tab-content elementor-clearfix\" data-tab=\"1\" role=\"tabpanel\" aria-labelledby=\"elementor-tab-title-1741\"><ul><li><a href=\"https:\/\/iesjuandemairena.org\/wp-content\/uploads\/2022\/matriculacion\/Literatura-universal.pdf\" target=\"_blank\" rel=\"noopener\">Literatura universal<\/a><\/li><li>Econom\u00eda<\/li><li>Historia del Mundo Contempor\u00e1neo<\/li><li><a href=\"https:\/\/iesjuandemairena.org\/wp-content\/uploads\/2023\/06\/LA-OPTATIVA-GRIEGO-I.pdf\" target=\"_blank\" rel=\"noopener\">Griego I<\/a><\/li><li><a href=\"https:\/\/iesjuandemairena.org\/wp-content\/uploads\/2025\/06\/CULTURA-AUDIOVISUAL.docx.pdf\" target=\"_blank\" rel=\"noopener\">Cultura Audiovisual<\/a><\/li><li><a href=\"https:\/\/iesjuandemairena.org\/wp-content\/uploads\/2025\/06\/DIBUJO-TECNICO-APLICADO-A-LAS-ARTES-Y-EL-DISENO.docx.pdf\" target=\"_blank\" rel=\"noopener\">Dibujo T\u00e9cnico Aplicado a las Artes Pl\u00e1sticas y al Dise\u00f1o I<\/a><\/li><li><a href=\"https:\/\/iesjuandemairena.org\/wp-content\/uploads\/2025\/06\/PROYECTOS-ARTISTICOS.docx.pdf\" target=\"_blank\" rel=\"noopener\">Proyectos Art\u00edsticos<\/a><\/li><li>Biolog\u00eda, Geolog\u00eda y ciencias ambientales<\/li><li><a href=\"https:\/\/iesjuandemairena.org\/wp-content\/uploads\/2023\/06\/Presentacion-1o-BTO-FQ.pdf\" target=\"_blank\" rel=\"noopener\">F\u00edsica y Qu\u00edmica\u00a0<\/a><\/li><li><a href=\"https:\/\/iesjuandemairena.org\/wp-content\/uploads\/2025\/06\/Copia-de-Modelo-informacion-asignatura-optativa.docx.pdf\" target=\"_blank\" rel=\"noopener\">Dibujo T\u00e9cnico I\u00a0<\/a><\/li><li><a href=\"https:\/\/iesjuandemairena.org\/wp-content\/uploads\/2025\/06\/informacion-tecnologia-I.docx.pdf\" target=\"_blank\" rel=\"noopener\">Tecnolog\u00eda e Ingenier\u00eda I<\/a><\/li><li><a href=\"https:\/\/iesjuandemairena.org\/wp-content\/uploads\/2022\/matriculacion\/VOL-1o-Bto-ARTE-1.pdf\">Volumen<\/a><\/li><li><a href=\"https:\/\/iesjuandemairena.org\/wp-content\/uploads\/2023\/06\/Frances-Primer-Idioma-1o-y-2o-Bachillerato.pdf\" target=\"_blank\" rel=\"noopener\">Franc\u00e9s Primer Idioma<\/a><\/li><\/ul><\/div>\n\t\t\t\t<\/div>\n\t\t\t\t\t\t\t<div class=\"elementor-accordion-item\">\n\t\t\t\t\t<div id=\"elementor-tab-title-1742\" class=\"elementor-tab-title\" data-tab=\"2\" role=\"tab\" aria-controls=\"elementor-tab-content-1742\" aria-expanded=\"false\">\n\t\t\t\t\t\t\t\t\t\t\t\t\t<span class=\"elementor-accordion-icon elementor-accordion-icon-left\" aria-hidden=\"true\">\n\t\t\t\t\t\t\t\t\t\t\t\t\t\t\t<span class=\"elementor-accordion-icon-closed\"><i class=\"fas fa-plus\"><\/i><\/span>\n\t\t\t\t\t\t\t\t<span class=\"elementor-accordion-icon-opened\"><i class=\"fas fa-minus\"><\/i><\/span>\n\t\t\t\t\t\t\t\t\t\t\t\t\t\t<\/span>\n\t\t\t\t\t\t\t\t\t\t\t\t<a class=\"elementor-accordion-title\" href=\"\">Optativas 2 horas<\/a>\n\t\t\t\t\t<\/div>\n\t\t\t\t\t<div id=\"elementor-tab-content-1742\" class=\"elementor-tab-content elementor-clearfix\" data-tab=\"2\" role=\"tabpanel\" aria-labelledby=\"elementor-tab-title-1742\"><ul><li><a href=\"https:\/\/iesjuandemairena.org\/wp-content\/uploads\/2022\/matriculacion\/AA-1oBAC-1-1.pdf\" target=\"_blank\" rel=\"noopener\">Anatom\u00eda Aplicada<\/a><\/li><li><a href=\"https:\/\/iesjuandemairena.org\/wp-content\/uploads\/2022\/matriculacion\/CC-1oBAC-2-1.pdf\" target=\"_blank\" rel=\"noopener\">Cultura Cient\u00edfica<\/a><\/li><li><a href=\"https:\/\/iesjuandemairena.org\/wp-content\/uploads\/2023\/06\/Modelo-informacion-Patrimonio-2023-24.pdf\" target=\"_blank\" rel=\"noopener\">Patrimonio Cultural de Andaluc\u00eda<\/a><\/li><li><a href=\"https:\/\/iesjuandemairena.org\/wp-content\/uploads\/2022\/matriculacion\/EST-1o-BACH.pdf\" target=\"_blank\" rel=\"noopener\">Estad\u00edstica<\/a><\/li><li><a href=\"https:\/\/iesjuandemairena.org\/wp-content\/uploads\/2023\/06\/Informacion-Cultura-Emprendedora-y-Empresarial-1Bach_2023_24.pdf\" target=\"_blank\" rel=\"noopener\">Cultura Emprendedora y Empresarial<\/a><\/li><li><a href=\"https:\/\/iesjuandemairena.org\/wp-content\/uploads\/2023\/06\/Informacion-1o-BACH-TIC-I.pdf\" target=\"_blank\" rel=\"noopener\">Teconolog\u00edas de la Informaci\u00f3n y Computaci\u00f3n<\/a><\/li><li><p><a href=\"https:\/\/iesjuandemairena.org\/wp-content\/uploads\/2023\/06\/Informacion-1o-BACH-Creacion-digital-y-Pensamiento-Computacional.pdf\" target=\"_blank\" rel=\"noopener\">Creaci\u00f3n Digital y Pensamiento Computacional<\/a><\/p><\/li><li><a href=\"https:\/\/iesjuandemairena.org\/wp-content\/uploads\/2023\/06\/Antropologia-y-Sociologia-1o-Bach..pdf\" target=\"_blank\" rel=\"noopener\">Antropolog\u00eda y Sociolog\u00eda<\/a><\/li><li><a href=\"https:\/\/iesjuandemairena.org\/wp-content\/uploads\/2023\/06\/Frances-optativa-1o-Bachillerato.pdf\" target=\"_blank\" rel=\"noopener\">Segunda Lengua Extranjera I\u00a0(Franc\u00e9s)<\/a><\/li><\/ul><\/div>\n\t\t\t\t<\/div>\n\t\t\t\t\t\t\t\t<\/div>\n\t\t\t\t<\/div>\n\t\t\t\t<\/div>\n\t\t\t\t\t\t<\/div>\n\t\t\t\t\t<\/div>\n\t\t<\/div>\n\t\t\t\t\t\t\t\t<\/div>\n\t\t\t\t\t<\/div>\n\t\t<\/section>\n\t\t\t\t<section class=\"elementor-section elementor-top-section elementor-element elementor-element-c088c0e elementor-section-boxed elementor-section-height-default elementor-section-height-default\" data-id=\"c088c0e\" data-element_type=\"section\">\n\t\t\t\t\t\t<div class=\"elementor-container elementor-column-gap-default\">\n\t\t\t\t\t\t\t<div class=\"elementor-row\">\n\t\t\t\t\t<div class=\"elementor-column elementor-col-100 elementor-top-column elementor-element elementor-element-a10c145\" data-id=\"a10c145\" data-element_type=\"column\">\n\t\t\t<div class=\"elementor-column-wrap elementor-element-populated\">\n\t\t\t\t\t\t\t<div class=\"elementor-widget-wrap\">\n\t\t\t\t\t\t<div class=\"elementor-element elementor-element-5889a07 elementor-widget elementor-widget-text-editor\" data-id=\"5889a07\" data-element_type=\"widget\" data-widget_type=\"text-editor.default\">\n\t\t\t\t<div class=\"elementor-widget-container\">\n\t\t\t\t\t\t\t\t<div class=\"elementor-text-editor elementor-clearfix\">\n\t\t\t\t<h3><strong>2\u00ba Bachillerato<\/strong><\/h3>\t\t\t\t\t<\/div>\n\t\t\t\t\t\t<\/div>\n\t\t\t\t<\/div>\n\t\t\t\t\t\t<\/div>\n\t\t\t\t\t<\/div>\n\t\t<\/div>\n\t\t\t\t\t\t\t\t<\/div>\n\t\t\t\t\t<\/div>\n\t\t<\/section>\n\t\t\t\t<section class=\"elementor-section elementor-top-section elementor-element elementor-element-e2250be elementor-section-boxed elementor-section-height-default elementor-section-height-default\" data-id=\"e2250be\" data-element_type=\"section\">\n\t\t\t\t\t\t<div class=\"elementor-container elementor-column-gap-default\">\n\t\t\t\t\t\t\t<div class=\"elementor-row\">\n\t\t\t\t\t<div class=\"elementor-column elementor-col-100 elementor-top-column elementor-element elementor-element-511e554\" data-id=\"511e554\" data-element_type=\"column\">\n\t\t\t<div class=\"elementor-column-wrap elementor-element-populated\">\n\t\t\t\t\t\t\t<div class=\"elementor-widget-wrap\">\n\t\t\t\t\t\t<div class=\"elementor-element elementor-element-2d5b9b5 elementor-widget elementor-widget-accordion\" data-id=\"2d5b9b5\" data-element_type=\"widget\" data-widget_type=\"accordion.default\">\n\t\t\t\t<div class=\"elementor-widget-container\">\n\t\t\t\t\t<div class=\"elementor-accordion\" role=\"tablist\">\n\t\t\t\t\t\t\t<div class=\"elementor-accordion-item\">\n\t\t\t\t\t<div id=\"elementor-tab-title-4751\" class=\"elementor-tab-title\" data-tab=\"1\" role=\"tab\" aria-controls=\"elementor-tab-content-4751\" aria-expanded=\"false\">\n\t\t\t\t\t\t\t\t\t\t\t\t\t<span class=\"elementor-accordion-icon elementor-accordion-icon-left\" aria-hidden=\"true\">\n\t\t\t\t\t\t\t\t\t\t\t\t\t\t\t<span class=\"elementor-accordion-icon-closed\"><i class=\"fas fa-plus\"><\/i><\/span>\n\t\t\t\t\t\t\t\t<span class=\"elementor-accordion-icon-opened\"><i class=\"fas fa-minus\"><\/i><\/span>\n\t\t\t\t\t\t\t\t\t\t\t\t\t\t<\/span>\n\t\t\t\t\t\t\t\t\t\t\t\t<a class=\"elementor-accordion-title\" href=\"\">Optativas 4 horas<\/a>\n\t\t\t\t\t<\/div>\n\t\t\t\t\t<div id=\"elementor-tab-content-4751\" class=\"elementor-tab-content elementor-clearfix\" data-tab=\"1\" role=\"tabpanel\" aria-labelledby=\"elementor-tab-title-4751\"><ul>\n<li><a href=\"https:\/\/iesjuandemairena.org\/wp-content\/uploads\/2025\/06\/DIBUJO-TECNICO-APLICADO-A-LAS-ARTES-Y-EL-DISENO.docx.pdf\" target=\"_blank\" rel=\"noopener\">Dibujo T\u00e9cnico Aplicado a las Artes Pl\u00e1sticas y al Dise\u00f1o II<\/a><\/li>\n<li><a href=\"https:\/\/iesjuandemairena.org\/wp-content\/uploads\/2025\/06\/DISENO.docx.pdf\" target=\"_blank\" rel=\"noopener\">Dise\u00f1o&nbsp;<\/a><\/li>\n<li><a href=\"https:\/\/iesjuandemairena.org\/wp-content\/uploads\/2025\/06\/FUNDAMENTOS-ARTISTICOS.docx.pdf\" target=\"_blank\" rel=\"noopener\">Fundamentos Art\u00edsticos&nbsp;<\/a><\/li><li><a href=\"https:\/\/iesjuandemairena.org\/wp-content\/uploads\/2025\/06\/TECNICAS.docx.pdf\" target=\"_blank\" rel=\"noopener\">T\u00e9cnicas de Expresi\u00f3n Gr\u00e1fico-Pl\u00e1sticas<\/a><\/li>\n<li>Biolog\u00eda<\/li>\n<li><a href=\"https:\/\/iesjuandemairena.org\/wp-content\/uploads\/2023\/06\/Presentacion-2o-BTO-QCA.pdf\" target=\"_blank\" rel=\"noopener\">Qu\u00edmica&nbsp;<\/a><\/li>\n<li><a href=\"https:\/\/iesjuandemairena.org\/wp-content\/uploads\/2023\/06\/Presentacion-2o-BTO-FCA.pdf\" target=\"_blank\" rel=\"noopener\">F\u00edsica&nbsp;<\/a><\/li>\n<li><a href=\"https:\/\/iesjuandemairena.org\/wp-content\/uploads\/2025\/06\/Copia-de-Modelo-informacion-asignatura-optativa.docx.pdf\" target=\"_blank\" rel=\"noopener\">Dibujo T\u00e9cnico II<\/a><\/li>\n<li><a href=\"https:\/\/iesjuandemairena.org\/wp-content\/uploads\/2025\/06\/informacion-2-bachillerato.docx.pdf\" target=\"_blank\">Tecnolog\u00eda e Ingenier\u00eda II<\/a><\/li>\n<li>Empresa y Dise\u00f1o de Modelos de Negocios<\/li>\n<li><a href=\"https:\/\/iesjuandemairena.org\/wp-content\/uploads\/2023\/06\/Modelo-informacion-optativa-Geografia-2023-24.pdf\" target=\"_blank\" rel=\"noopener\">Geograf\u00eda&nbsp;<\/a><\/li>\n<li>Historia del Arte<\/li>\n<li><a href=\"https:\/\/iesjuandemairena.org\/wp-content\/uploads\/2023\/06\/LA-OPTATIVA-GRIEGO-II.pdf\" target=\"_blank\" rel=\"noopener\">Griego II<\/a><\/li>\n<li><a href=\"https:\/\/iesjuandemairena.org\/wp-content\/uploads\/2023\/06\/Frances-Primer-Idioma-1o-y-2o-Bachillerato.pdf\" target=\"_blank\" rel=\"noopener\">Franc\u00e9s Primer Idioma<\/a><\/li>\n<\/ul><\/div>\n\t\t\t\t<\/div>\n\t\t\t\t\t\t\t<div class=\"elementor-accordion-item\">\n\t\t\t\t\t<div id=\"elementor-tab-title-4752\" class=\"elementor-tab-title\" data-tab=\"2\" role=\"tab\" aria-controls=\"elementor-tab-content-4752\" aria-expanded=\"false\">\n\t\t\t\t\t\t\t\t\t\t\t\t\t<span class=\"elementor-accordion-icon elementor-accordion-icon-left\" aria-hidden=\"true\">\n\t\t\t\t\t\t\t\t\t\t\t\t\t\t\t<span class=\"elementor-accordion-icon-closed\"><i class=\"fas fa-plus\"><\/i><\/span>\n\t\t\t\t\t\t\t\t<span class=\"elementor-accordion-icon-opened\"><i class=\"fas fa-minus\"><\/i><\/span>\n\t\t\t\t\t\t\t\t\t\t\t\t\t\t<\/span>\n\t\t\t\t\t\t\t\t\t\t\t\t<a class=\"elementor-accordion-title\" href=\"\">Optativas 2 horas<\/a>\n\t\t\t\t\t<\/div>\n\t\t\t\t\t<div id=\"elementor-tab-content-4752\" class=\"elementor-tab-content elementor-clearfix\" data-tab=\"2\" role=\"tabpanel\" aria-labelledby=\"elementor-tab-title-4752\"><ul>\n<li><a href=\"https:\/\/iesjuandemairena.org\/wp-content\/uploads\/2023\/06\/Frances-optativa-2o-Bachillerato.pdf\" target=\"_blank\" rel=\"noopener\">Segunda Lengua Extranjera II (Franc\u00e9s)<\/a><\/li>\n<li><a href=\"https:\/\/iesjuandemairena.org\/wp-content\/uploads\/2023\/06\/Informacion-F.A.G.-2Bach_Curso_2023_24.pdf\" target=\"_blank\" rel=\"noopener\">Fundamentos de la Administraci\u00f3n y Gesti\u00f3n<\/a><\/li>\n<li><a href=\"https:\/\/iesjuandemairena.org\/wp-content\/uploads\/2023\/06\/Informacion-Finanzas-y-Economia-2Bach.pdf\" target=\"_blank\" rel=\"noopener\">Finanzas y Econom\u00eda<\/a><\/li>\n<li><a href=\"https:\/\/iesjuandemairena.org\/wp-content\/uploads\/2023\/06\/Modelo-informacion-Historia-del-Pensamiento-Politico-2023-24.pdf\" target=\"_blank\" rel=\"noopener\">Historia del Pensamiento Pol\u00edtico<\/a><\/li>\n<li>Ciencias de la Tierra y Medioambiente<\/li>\n<li>Iniciaci\u00f3n Ciencias de la Salud<\/li>\n<li><a href=\"https:\/\/iesjuandemairena.org\/wp-content\/uploads\/2023\/06\/Modelo-informacion-Actividad-fisica-salud-y-sociedad.pdf\" target=\"_blank\" rel=\"noopener\">Actividad F\u00edsica, Salud y Sociedad<\/a><\/li>\n<li><a href=\"https:\/\/iesjuandemairena.org\/wp-content\/uploads\/2023\/06\/Informacion-2o-BACH-TIC-II.pdf\" target=\"_blank\" rel=\"noopener\">Tecnolog\u00edas de la Informaci\u00f3n y Comunicaci\u00f3n II<\/a><\/li>\n<li><a href=\"https:\/\/iesjuandemairena.org\/wp-content\/uploads\/2023\/06\/Modelo-informacion-asignatura-optativa-Estadistica-y-Probabilidad-2o-Bachillerato..pdf\" target=\"_blank\" rel=\"noopener\">Estad\u00edstica y Probabilidad<\/a><\/li>\n<li><a href=\"https:\/\/iesjuandemairena.org\/wp-content\/uploads\/2025\/06\/Psicologia.pdf\" target=\"_blank\">Psicolog\u00eda<\/a><\/li>\n<li>Dise\u00f1o asistido por ordenador<\/li>\n<li>Introducci\u00f3n al Dibujo T\u00e9cnico<\/li>\n<\/ul><\/div>\n\t\t\t\t<\/div>\n\t\t\t\t\t\t\t\t<\/div>\n\t\t\t\t<\/div>\n\t\t\t\t<\/div>\n\t\t\t\t\t\t<\/div>\n\t\t\t\t\t<\/div>\n\t\t<\/div>\n\t\t\t\t\t\t\t\t<\/div>\n\t\t\t\t\t<\/div>\n\t\t<\/section>\n\t\t\t\t\t\t\t\t\t<\/div>\n\t\t\t<\/div>\n\t\t\t\t\t<\/div>\n\t\t","protected":false},"excerpt":{"rendered":"<p>1\u00ba ESO S\u00f3lo se cursar\u00e1 una asignatura Optativas 2 horas Computaci\u00f3n y Rob\u00f3tica Cultura Cl\u00e1sica Oratoria y Debate 2\u00ba ESO S\u00f3lo se cursar\u00e1 una asignatura Optativas 2 horas Computaci\u00f3n y Rob\u00f3tica Cultura Cl\u00e1sica Oratoria y Debate Franc\u00e9s Segundo Idioma Proyecto de Educaci\u00f3n Pl\u00e1stica y Audiovisual 3\u00ba ESO Solo se cursar\u00e1 una asignatura Optativas 2 horas [&hellip;]<\/p>\n","protected":false},"author":8,"featured_media":0,"parent":0,"menu_order":0,"comment_status":"closed","ping_status":"closed","template":"","meta":[],"yoast_head":"<!-- This site is optimized with the Yoast SEO plugin v15.5 - https:\/\/yoast.com\/wordpress\/plugins\/seo\/ -->\n<title>Optativas - IES Juan de Mairena<\/title>\n<meta name=\"robots\" content=\"index, follow, max-snippet:-1, max-image-preview:large, max-video-preview:-1\" \/>\n<link rel=\"canonical\" href=\"https:\/\/iesjuandemairena.org\/index.php\/optativas\/\" \/>\n<meta property=\"og:locale\" content=\"es_ES\" \/>\n<meta property=\"og:type\" content=\"article\" \/>\n<meta property=\"og:title\" content=\"Optativas - IES Juan de Mairena\" \/>\n<meta property=\"og:description\" content=\"1\u00ba ESO S\u00f3lo se cursar\u00e1 una asignatura Optativas 2 horas Computaci\u00f3n y Rob\u00f3tica Cultura Cl\u00e1sica Oratoria y Debate 2\u00ba ESO S\u00f3lo se cursar\u00e1 una asignatura Optativas 2 horas Computaci\u00f3n y Rob\u00f3tica Cultura Cl\u00e1sica Oratoria y Debate Franc\u00e9s Segundo Idioma Proyecto de Educaci\u00f3n Pl\u00e1stica y Audiovisual 3\u00ba ESO Solo se cursar\u00e1 una asignatura Optativas 2 horas [&hellip;]\" \/>\n<meta property=\"og:url\" content=\"https:\/\/iesjuandemairena.org\/index.php\/optativas\/\" \/>\n<meta property=\"og:site_name\" content=\"IES Juan de Mairena\" \/>\n<meta property=\"article:modified_time\" content=\"2025-06-26T07:00:08+00:00\" \/>\n<meta name=\"twitter:card\" content=\"summary_large_image\" \/>\n<meta name=\"twitter:label1\" content=\"Tiempo de lectura\">\n\t<meta name=\"twitter:data1\" content=\"2 minutos\">\n<script type=\"application\/ld+json\" class=\"yoast-schema-graph\">{\"@context\":\"https:\/\/schema.org\",\"@graph\":[{\"@type\":\"WebSite\",\"@id\":\"https:\/\/iesjuandemairena.org\/#website\",\"url\":\"https:\/\/iesjuandemairena.org\/\",\"name\":\"IES Juan de Mairena\",\"description\":\"Mairena del Aljarafe (Sevilla)\",\"potentialAction\":[{\"@type\":\"SearchAction\",\"target\":\"https:\/\/iesjuandemairena.org\/?s={search_term_string}\",\"query-input\":\"required name=search_term_string\"}],\"inLanguage\":\"es\"},{\"@type\":\"WebPage\",\"@id\":\"https:\/\/iesjuandemairena.org\/index.php\/optativas\/#webpage\",\"url\":\"https:\/\/iesjuandemairena.org\/index.php\/optativas\/\",\"name\":\"Optativas - IES Juan de Mairena\",\"isPartOf\":{\"@id\":\"https:\/\/iesjuandemairena.org\/#website\"},\"datePublished\":\"2022-06-12T10:13:12+00:00\",\"dateModified\":\"2025-06-26T07:00:08+00:00\",\"inLanguage\":\"es\",\"potentialAction\":[{\"@type\":\"ReadAction\",\"target\":[\"https:\/\/iesjuandemairena.org\/index.php\/optativas\/\"]}]}]}<\/script>\n<!-- \/ Yoast SEO plugin. -->","_links":{"self":[{"href":"https:\/\/iesjuandemairena.org\/index.php\/wp-json\/wp\/v2\/pages\/10799"}],"collection":[{"href":"https:\/\/iesjuandemairena.org\/index.php\/wp-json\/wp\/v2\/pages"}],"about":[{"href":"https:\/\/iesjuandemairena.org\/index.php\/wp-json\/wp\/v2\/types\/page"}],"author":[{"embeddable":true,"href":"https:\/\/iesjuandemairena.org\/index.php\/wp-json\/wp\/v2\/users\/8"}],"replies":[{"embeddable":true,"href":"https:\/\/iesjuandemairena.org\/index.php\/wp-json\/wp\/v2\/comments?post=10799"}],"version-history":[{"count":178,"href":"https:\/\/iesjuandemairena.org\/index.php\/wp-json\/wp\/v2\/pages\/10799\/revisions"}],"predecessor-version":[{"id":12785,"href":"https:\/\/iesjuandemairena.org\/index.php\/wp-json\/wp\/v2\/pages\/10799\/revisions\/12785"}],"wp:attachment":[{"href":"https:\/\/iesjuandemairena.org\/index.php\/wp-json\/wp\/v2\/media?parent=10799"}],"curies":[{"name":"wp","href":"https:\/\/api.w.org\/{rel}","templated":true}]}}