{"id":11087,"date":"2022-06-29T20:55:01","date_gmt":"2022-06-29T20:55:01","guid":{"rendered":"https:\/\/iesjuandemairena.org\/?page_id=11087"},"modified":"2023-07-01T08:32:55","modified_gmt":"2023-07-01T08:32:55","slug":"informacion-matricula-presencial","status":"publish","type":"page","link":"https:\/\/iesjuandemairena.org\/index.php\/informacion-matricula-presencial\/","title":{"rendered":"Informaci\u00f3n matr\u00edcula presencial"},"content":{"rendered":"\n<p><strong>Recuerde que siempre que sea posible, la matr\u00edcula debe hacerse a trav\u00e9s de la Secretar\u00eda Virtual, tal y como se explica en el ep\u00edgrafe anterior.<\/strong><\/p>\n<p>El siguiente documento consta de dos p\u00e1ginas. Descargar <a href=\"https:\/\/iesjuandemairena.org\/wp-content\/uploads\/2023\/07\/Instrucciones-MATRICULA-PRESENCIAL.docx.pdf\"><strong>aqu\u00ed<\/strong><\/a>.<\/p>\n<a href=\"https:\/\/iesjuandemairena.org\/wp-content\/uploads\/2023\/07\/Instrucciones-MATRICULA-PRESENCIAL.docx.pdf\" class=\"pdfemb-viewer\" style=\"\" data-width=\"max\" data-height=\"max\"  data-toolbar=\"top\" data-toolbar-fixed=\"off\">Instrucciones-MATRICULA-PRESENCIAL.docx<br\/><\/a>\n<p>\u00a0<\/p>\n<h3><span style=\"color: #339966;\"><strong>IMPRESOS REQUERIDOS PARA LA MATRICULACI\u00d3N PRESENCIAL:<\/strong><\/span><\/h3>\n<ul>\n<li><a href=\"https:\/\/iesjuandemairena.org\/wp-content\/uploads\/2023\/07\/ANEXO-VII-ESO.pdf\">Matr\u00edcula Secundaria<\/a><\/li>\n<li><a href=\"https:\/\/iesjuandemairena.org\/wp-content\/uploads\/2023\/07\/ANEXO-VIII-Bach.pdf\">Matr\u00edcula Bachillerato<\/a><\/li>\n<li><a href=\"https:\/\/iesjuandemairena.org\/wp-content\/uploads\/2023\/07\/Ampa-RIO-PUDIO-2023-2024.pdf\">AMPA R\u00edo Pudio 2023\/24<\/a><\/li>\n<li><a href=\"https:\/\/iesjuandemairena.org\/wp-content\/uploads\/2022\/06\/04-ANEXO_RELIGION_2021_200227.pdf\">Anexo Religi\u00f3n 2023\/24<\/a><\/li>\n<li><a href=\"https:\/\/iesjuandemairena.org\/wp-content\/uploads\/2022\/06\/06-AUTORIZACION-RECOGIDA-ALUMNADO-BACHILLERATO.pdf\">Autorizaci\u00f3n recogida alumnos del centro<\/a><\/li>\n<li><a href=\"https:\/\/iesjuandemairena.org\/wp-content\/uploads\/2022\/06\/05-CAMBIO-MODALIDAD.pdf\">Cambio de Modalidad (Alumnado 1\u00ba Bachillerato)<\/a><\/li>\n<\/ul>\n","protected":false},"excerpt":{"rendered":"<p>Recuerde que siempre que sea posible, la matr\u00edcula debe hacerse a trav\u00e9s de la Secretar\u00eda Virtual, tal y como se explica en el ep\u00edgrafe anterior. El siguiente documento consta de dos p\u00e1ginas. Descargar aqu\u00ed. \u00a0 IMPRESOS REQUERIDOS PARA LA MATRICULACI\u00d3N PRESENCIAL: Matr\u00edcula Secundaria Matr\u00edcula Bachillerato AMPA R\u00edo Pudio 2023\/24 Anexo Religi\u00f3n 2023\/24 Autorizaci\u00f3n recogida alumnos [&hellip;]<\/p>\n","protected":false},"author":8,"featured_media":0,"parent":0,"menu_order":0,"comment_status":"closed","ping_status":"closed","template":"","meta":[],"yoast_head":"<!-- This site is optimized with the Yoast SEO plugin v15.5 - https:\/\/yoast.com\/wordpress\/plugins\/seo\/ -->\n<title>Informaci\u00f3n matr\u00edcula presencial - IES Juan de Mairena<\/title>\n<meta name=\"robots\" content=\"index, follow, max-snippet:-1, max-image-preview:large, max-video-preview:-1\" \/>\n<link rel=\"canonical\" href=\"https:\/\/iesjuandemairena.org\/index.php\/informacion-matricula-presencial\/\" \/>\n<meta property=\"og:locale\" content=\"es_ES\" \/>\n<meta property=\"og:type\" content=\"article\" \/>\n<meta property=\"og:title\" content=\"Informaci\u00f3n matr\u00edcula presencial - IES Juan de Mairena\" \/>\n<meta property=\"og:description\" content=\"Recuerde que siempre que sea posible, la matr\u00edcula debe hacerse a trav\u00e9s de la Secretar\u00eda Virtual, tal y como se explica en el ep\u00edgrafe anterior. El siguiente documento consta de dos p\u00e1ginas. Descargar aqu\u00ed. \u00a0 IMPRESOS REQUERIDOS PARA LA MATRICULACI\u00d3N PRESENCIAL: Matr\u00edcula Secundaria Matr\u00edcula Bachillerato AMPA R\u00edo Pudio 2023\/24 Anexo Religi\u00f3n 2023\/24 Autorizaci\u00f3n recogida alumnos [&hellip;]\" \/>\n<meta property=\"og:url\" content=\"https:\/\/iesjuandemairena.org\/index.php\/informacion-matricula-presencial\/\" \/>\n<meta property=\"og:site_name\" content=\"IES Juan de Mairena\" \/>\n<meta property=\"article:modified_time\" content=\"2023-07-01T08:32:55+00:00\" \/>\n<meta name=\"twitter:card\" content=\"summary_large_image\" \/>\n<meta name=\"twitter:label1\" content=\"Tiempo de lectura\">\n\t<meta name=\"twitter:data1\" content=\"0 minutos\">\n<script type=\"application\/ld+json\" class=\"yoast-schema-graph\">{\"@context\":\"https:\/\/schema.org\",\"@graph\":[{\"@type\":\"WebSite\",\"@id\":\"https:\/\/iesjuandemairena.org\/#website\",\"url\":\"https:\/\/iesjuandemairena.org\/\",\"name\":\"IES Juan de Mairena\",\"description\":\"Mairena del Aljarafe (Sevilla)\",\"potentialAction\":[{\"@type\":\"SearchAction\",\"target\":\"https:\/\/iesjuandemairena.org\/?s={search_term_string}\",\"query-input\":\"required name=search_term_string\"}],\"inLanguage\":\"es\"},{\"@type\":\"WebPage\",\"@id\":\"https:\/\/iesjuandemairena.org\/index.php\/informacion-matricula-presencial\/#webpage\",\"url\":\"https:\/\/iesjuandemairena.org\/index.php\/informacion-matricula-presencial\/\",\"name\":\"Informaci\\u00f3n matr\\u00edcula presencial - IES Juan de Mairena\",\"isPartOf\":{\"@id\":\"https:\/\/iesjuandemairena.org\/#website\"},\"datePublished\":\"2022-06-29T20:55:01+00:00\",\"dateModified\":\"2023-07-01T08:32:55+00:00\",\"inLanguage\":\"es\",\"potentialAction\":[{\"@type\":\"ReadAction\",\"target\":[\"https:\/\/iesjuandemairena.org\/index.php\/informacion-matricula-presencial\/\"]}]}]}<\/script>\n<!-- \/ Yoast SEO plugin. -->","_links":{"self":[{"href":"https:\/\/iesjuandemairena.org\/index.php\/wp-json\/wp\/v2\/pages\/11087"}],"collection":[{"href":"https:\/\/iesjuandemairena.org\/index.php\/wp-json\/wp\/v2\/pages"}],"about":[{"href":"https:\/\/iesjuandemairena.org\/index.php\/wp-json\/wp\/v2\/types\/page"}],"author":[{"embeddable":true,"href":"https:\/\/iesjuandemairena.org\/index.php\/wp-json\/wp\/v2\/users\/8"}],"replies":[{"embeddable":true,"href":"https:\/\/iesjuandemairena.org\/index.php\/wp-json\/wp\/v2\/comments?post=11087"}],"version-history":[{"count":6,"href":"https:\/\/iesjuandemairena.org\/index.php\/wp-json\/wp\/v2\/pages\/11087\/revisions"}],"predecessor-version":[{"id":12104,"href":"https:\/\/iesjuandemairena.org\/index.php\/wp-json\/wp\/v2\/pages\/11087\/revisions\/12104"}],"wp:attachment":[{"href":"https:\/\/iesjuandemairena.org\/index.php\/wp-json\/wp\/v2\/media?parent=11087"}],"curies":[{"name":"wp","href":"https:\/\/api.w.org\/{rel}","templated":true}]}}