{"id":11144,"date":"2022-07-31T09:09:15","date_gmt":"2022-07-31T09:09:15","guid":{"rendered":"https:\/\/iesjuandemairena.org\/?page_id=11144"},"modified":"2022-07-31T09:32:13","modified_gmt":"2022-07-31T09:32:13","slug":"oferta-educativa","status":"publish","type":"page","link":"https:\/\/iesjuandemairena.org\/index.php\/oferta-educativa\/","title":{"rendered":"Oferta educativa"},"content":{"rendered":"\t\t<div data-elementor-type=\"wp-page\" data-elementor-id=\"11144\" class=\"elementor elementor-11144\">\n\t\t\t\t\t\t<div class=\"elementor-inner\">\n\t\t\t\t<div class=\"elementor-section-wrap\">\n\t\t\t\t\t\t\t\t\t<section class=\"elementor-section elementor-top-section elementor-element elementor-element-b5f0d29 elementor-section-boxed elementor-section-height-default elementor-section-height-default\" data-id=\"b5f0d29\" data-element_type=\"section\">\n\t\t\t\t\t\t<div class=\"elementor-container elementor-column-gap-default\">\n\t\t\t\t\t\t\t<div class=\"elementor-row\">\n\t\t\t\t\t<div class=\"elementor-column elementor-col-100 elementor-top-column elementor-element elementor-element-cd0736d\" data-id=\"cd0736d\" data-element_type=\"column\">\n\t\t\t<div class=\"elementor-column-wrap elementor-element-populated\">\n\t\t\t\t\t\t\t<div class=\"elementor-widget-wrap\">\n\t\t\t\t\t\t<div class=\"elementor-element elementor-element-a49575b elementor-widget elementor-widget-text-editor\" data-id=\"a49575b\" data-element_type=\"widget\" data-widget_type=\"text-editor.default\">\n\t\t\t\t<div class=\"elementor-widget-container\">\n\t\t\t\t\t\t\t\t<div class=\"elementor-text-editor elementor-clearfix\">\n\t\t\t\t<p>El IES Juan de Mairena tiene una completa oferta educativa, a la que unos 1000 alumnos y alumnas tienen acceso actualmente.<\/p><p>Se compone de las siguientes ense\u00f1anzas:<\/p>\t\t\t\t\t<\/div>\n\t\t\t\t\t\t<\/div>\n\t\t\t\t<\/div>\n\t\t\t\t\t\t<\/div>\n\t\t\t\t\t<\/div>\n\t\t<\/div>\n\t\t\t\t\t\t\t\t<\/div>\n\t\t\t\t\t<\/div>\n\t\t<\/section>\n\t\t\t\t<section class=\"elementor-section elementor-top-section elementor-element elementor-element-90ce2b5 elementor-section-boxed elementor-section-height-default elementor-section-height-default\" data-id=\"90ce2b5\" data-element_type=\"section\">\n\t\t\t\t\t\t<div class=\"elementor-container elementor-column-gap-default\">\n\t\t\t\t\t\t\t<div class=\"elementor-row\">\n\t\t\t\t\t<div class=\"elementor-column elementor-col-100 elementor-top-column elementor-element elementor-element-1c43dc2\" data-id=\"1c43dc2\" data-element_type=\"column\">\n\t\t\t<div class=\"elementor-column-wrap elementor-element-populated\">\n\t\t\t\t\t\t\t<div class=\"elementor-widget-wrap\">\n\t\t\t\t\t\t<div class=\"elementor-element elementor-element-05acb51 elementor-widget elementor-widget-accordion\" data-id=\"05acb51\" data-element_type=\"widget\" data-widget_type=\"accordion.default\">\n\t\t\t\t<div class=\"elementor-widget-container\">\n\t\t\t\t\t<div class=\"elementor-accordion\" role=\"tablist\">\n\t\t\t\t\t\t\t<div class=\"elementor-accordion-item\">\n\t\t\t\t\t<div id=\"elementor-tab-title-5951\" class=\"elementor-tab-title\" data-tab=\"1\" role=\"tab\" aria-controls=\"elementor-tab-content-5951\" aria-expanded=\"false\">\n\t\t\t\t\t\t\t\t\t\t\t\t\t<span class=\"elementor-accordion-icon elementor-accordion-icon-left\" aria-hidden=\"true\">\n\t\t\t\t\t\t\t\t\t\t\t\t\t\t\t<span class=\"elementor-accordion-icon-closed\"><i class=\"fas fa-plus\"><\/i><\/span>\n\t\t\t\t\t\t\t\t<span class=\"elementor-accordion-icon-opened\"><i class=\"fas fa-minus\"><\/i><\/span>\n\t\t\t\t\t\t\t\t\t\t\t\t\t\t<\/span>\n\t\t\t\t\t\t\t\t\t\t\t\t<a class=\"elementor-accordion-title\" href=\"\">Educaci\u00f3n Secundaria Obligatoria<\/a>\n\t\t\t\t\t<\/div>\n\t\t\t\t\t<div id=\"elementor-tab-content-5951\" class=\"elementor-tab-content elementor-clearfix\" data-tab=\"1\" role=\"tabpanel\" aria-labelledby=\"elementor-tab-title-5951\"><p>La Educaci\u00f3n Secundaria Obligatoria (ESO) es una etapa educativa obligatoria y gratuita que completa la educaci\u00f3n b\u00e1sica. Su finalidad consiste en lograr que el alumnado adquiera\u00a0los elementos b\u00e1sicos de la cultura, especialmente en sus aspectos human\u00edstico, art\u00edstico, cient\u00edfico y tecnol\u00f3gico; desarrollar y consolidar en ellos h\u00e1bitos de estudio y de trabajo; prepararles para su incorporaci\u00f3n a estudios posteriores y para su inserci\u00f3n laboral, y formarles para el ejercicio de sus derechos y obligaciones en la vida como parte de la ciudadan\u00eda.<\/p><p>Consta de cuatro cursos acad\u00e9micos que se realizar\u00e1n ordinariamente entre los 12 y los 16 a\u00f1os de edad. Se dividen\u00a0en dos ciclos:<\/p><ul><li>Primer ciclo:\u00a0cursos primero, segundo y tercero<\/li><li>Segundo ciclo: cuarto curso<\/li><\/ul><p>Los alumnos y las alumnas pueden llegar a repetir un m\u00e1ximo de dos cursos y permanecer en r\u00e9gimen ordinario hasta los 18 a\u00f1os de edad cumplidos en el a\u00f1o en que finalice el curso. No obstante, el alumnado, junto con sus progenitores, puede decidir, desde el momento en que cumpla 16 a\u00f1os, dar por finalizada su escolarizaci\u00f3n obligatoria en esta etapa, en cuyo caso se le extender\u00e1 el correspondiente Certificado de Escolaridad en el que consten los a\u00f1os y materias cursados.<\/p><p>Nuestro Centro est\u00e1 acogido al Plan de Fomento del Pluriling\u00fcismo en Andaluc\u00eda, en calidad de Centro biling\u00fce \u2013 Ingl\u00e9s. Adem\u00e1s, en 2\u00baESO y 3\u00ba ESO, disponemos del Programa de Mejora del Aprendizaje y del Rendimiento (PMAR)<\/p><\/div>\n\t\t\t\t<\/div>\n\t\t\t\t\t\t\t<div class=\"elementor-accordion-item\">\n\t\t\t\t\t<div id=\"elementor-tab-title-5952\" class=\"elementor-tab-title\" data-tab=\"2\" role=\"tab\" aria-controls=\"elementor-tab-content-5952\" aria-expanded=\"false\">\n\t\t\t\t\t\t\t\t\t\t\t\t\t<span class=\"elementor-accordion-icon elementor-accordion-icon-left\" aria-hidden=\"true\">\n\t\t\t\t\t\t\t\t\t\t\t\t\t\t\t<span class=\"elementor-accordion-icon-closed\"><i class=\"fas fa-plus\"><\/i><\/span>\n\t\t\t\t\t\t\t\t<span class=\"elementor-accordion-icon-opened\"><i class=\"fas fa-minus\"><\/i><\/span>\n\t\t\t\t\t\t\t\t\t\t\t\t\t\t<\/span>\n\t\t\t\t\t\t\t\t\t\t\t\t<a class=\"elementor-accordion-title\" href=\"\">Bachillerato<\/a>\n\t\t\t\t\t<\/div>\n\t\t\t\t\t<div id=\"elementor-tab-content-5952\" class=\"elementor-tab-content elementor-clearfix\" data-tab=\"2\" role=\"tabpanel\" aria-labelledby=\"elementor-tab-title-5952\"><p>El Bachillerato comprende dos cursos, se desarrollar\u00e1 en modalidades diferentes, y se organizar\u00e1 de modo flexible, a fin de que pueda ofrecer una preparaci\u00f3n especializada al alumnado acorde con sus perspectivas e intereses de formaci\u00f3n o permita la incorporaci\u00f3n a la vida activa una vez finalizado el mismo.<\/p><p>Esta etapa se organiza en tres modalidades:<\/p><ul><li>Modalidad de Ciencias: se organiza en dos itinerarios, el de Ciencias de la Salud y Medio Ambiente y el Tecnol\u00f3gico, en funci\u00f3n de las materias troncales de opci\u00f3n que elija el alumnado.<\/li><li>Modalidad de Humanidades y Ciencias Sociales: se organiza en dos itinerarios, el de Humanidades y el de Ciencias Sociales, en funci\u00f3n de las materias troncales de opci\u00f3n que elija el alumnado.<\/li><li>Modalidad de Artes: se organiza en dos itinerarios, el de Artes Pl\u00e1sticas, Dise\u00f1o e Imagen y el de Artes Esc\u00e9nicas, M\u00fasica y Danza. Actualmente en nuestro centro solo se oferta el itinerario de <strong>Artes Pl\u00e1sticas<\/strong>.<\/li><li>Modalidad General (<strong>Novedad curso 22\/23<\/strong>)<\/li><\/ul><\/div>\n\t\t\t\t<\/div>\n\t\t\t\t\t\t\t<div class=\"elementor-accordion-item\">\n\t\t\t\t\t<div id=\"elementor-tab-title-5953\" class=\"elementor-tab-title\" data-tab=\"3\" role=\"tab\" aria-controls=\"elementor-tab-content-5953\" aria-expanded=\"false\">\n\t\t\t\t\t\t\t\t\t\t\t\t\t<span class=\"elementor-accordion-icon elementor-accordion-icon-left\" aria-hidden=\"true\">\n\t\t\t\t\t\t\t\t\t\t\t\t\t\t\t<span class=\"elementor-accordion-icon-closed\"><i class=\"fas fa-plus\"><\/i><\/span>\n\t\t\t\t\t\t\t\t<span class=\"elementor-accordion-icon-opened\"><i class=\"fas fa-minus\"><\/i><\/span>\n\t\t\t\t\t\t\t\t\t\t\t\t\t\t<\/span>\n\t\t\t\t\t\t\t\t\t\t\t\t<a class=\"elementor-accordion-title\" href=\"\">Ciclo Formativo de Grado Medio<\/a>\n\t\t\t\t\t<\/div>\n\t\t\t\t\t<div id=\"elementor-tab-content-5953\" class=\"elementor-tab-content elementor-clearfix\" data-tab=\"3\" role=\"tabpanel\" aria-labelledby=\"elementor-tab-title-5953\"><p>Sistemas Microinform\u00e1ticos y Redes.<\/p><p>La competencia general de este t\u00edtulo consiste en instalar, configurar y mantener sistemas microinform\u00e1ticos, aislados o en red, as\u00ed como redes locales en peque\u00f1os entornos, asegurando su funcionalidad y aplicando los protocolos de calidad, seguridad y respeto al medio ambiente establecidos.<\/p><p><a href=\"https:\/\/www.juntadeandalucia.es\/educacion\/portals\/web\/formacion-profesional-andaluza\/fp-grado-medio\/detalle-titulo?idTitulo=17\">M\u00e1s informaci\u00f3n<\/a><\/p><\/div>\n\t\t\t\t<\/div>\n\t\t\t\t\t\t\t<div class=\"elementor-accordion-item\">\n\t\t\t\t\t<div id=\"elementor-tab-title-5954\" class=\"elementor-tab-title\" data-tab=\"4\" role=\"tab\" aria-controls=\"elementor-tab-content-5954\" aria-expanded=\"false\">\n\t\t\t\t\t\t\t\t\t\t\t\t\t<span class=\"elementor-accordion-icon elementor-accordion-icon-left\" aria-hidden=\"true\">\n\t\t\t\t\t\t\t\t\t\t\t\t\t\t\t<span class=\"elementor-accordion-icon-closed\"><i class=\"fas fa-plus\"><\/i><\/span>\n\t\t\t\t\t\t\t\t<span class=\"elementor-accordion-icon-opened\"><i class=\"fas fa-minus\"><\/i><\/span>\n\t\t\t\t\t\t\t\t\t\t\t\t\t\t<\/span>\n\t\t\t\t\t\t\t\t\t\t\t\t<a class=\"elementor-accordion-title\" href=\"\">Ciclo Formativo de Grado Superior<\/a>\n\t\t\t\t\t<\/div>\n\t\t\t\t\t<div id=\"elementor-tab-content-5954\" class=\"elementor-tab-content elementor-clearfix\" data-tab=\"4\" role=\"tabpanel\" aria-labelledby=\"elementor-tab-title-5954\"><p>T\u00e9cnico en Ense\u00f1anza y Animaci\u00f3n Sociodeportiva.<\/p><p>La competencia general de este t\u00edtulo consiste en elaborar, gestionar y evaluar proyectos de animaci\u00f3n f\u00edsico-deportivos recreativos para todo tipo de usuarios, programando y dirigiendo las actividades de ense\u00f1anza, de inclusi\u00f3n sociodeportiva y de tiempo libre, coordinando las actuaciones de los profesionales implicados, garantizando la seguridad, respetando el medio ambiente y consiguiendo la satisfacci\u00f3n de los usuarios, en los l\u00edmites de coste previstos.<\/p><p><a href=\"https:\/\/www.juntadeandalucia.es\/educacion\/portals\/web\/formacion-profesional-andaluza\/fp-grado-superior\/detalle-titulo?idTitulo=601\">M\u00e1s informaci\u00f3n<\/a><\/p><\/div>\n\t\t\t\t<\/div>\n\t\t\t\t\t\t\t\t<\/div>\n\t\t\t\t<\/div>\n\t\t\t\t<\/div>\n\t\t\t\t\t\t<\/div>\n\t\t\t\t\t<\/div>\n\t\t<\/div>\n\t\t\t\t\t\t\t\t<\/div>\n\t\t\t\t\t<\/div>\n\t\t<\/section>\n\t\t\t\t\t\t\t\t\t<\/div>\n\t\t\t<\/div>\n\t\t\t\t\t<\/div>\n\t\t","protected":false},"excerpt":{"rendered":"<p>El IES Juan de Mairena tiene una completa oferta educativa, a la que unos 1000 alumnos y alumnas tienen acceso actualmente. Se compone de las siguientes ense\u00f1anzas: Educaci\u00f3n Secundaria Obligatoria La Educaci\u00f3n Secundaria Obligatoria (ESO) es una etapa educativa obligatoria y gratuita que completa la educaci\u00f3n b\u00e1sica. Su finalidad consiste en lograr que el alumnado [&hellip;]<\/p>\n","protected":false},"author":8,"featured_media":0,"parent":0,"menu_order":0,"comment_status":"closed","ping_status":"closed","template":"","meta":[],"yoast_head":"<!-- This site is optimized with the Yoast SEO plugin v15.5 - https:\/\/yoast.com\/wordpress\/plugins\/seo\/ -->\n<title>Oferta educativa - IES Juan de Mairena<\/title>\n<meta name=\"robots\" content=\"index, follow, max-snippet:-1, max-image-preview:large, max-video-preview:-1\" \/>\n<link rel=\"canonical\" href=\"https:\/\/iesjuandemairena.org\/index.php\/oferta-educativa\/\" \/>\n<meta property=\"og:locale\" content=\"es_ES\" \/>\n<meta property=\"og:type\" content=\"article\" \/>\n<meta property=\"og:title\" content=\"Oferta educativa - IES Juan de Mairena\" \/>\n<meta property=\"og:description\" content=\"El IES Juan de Mairena tiene una completa oferta educativa, a la que unos 1000 alumnos y alumnas tienen acceso actualmente. Se compone de las siguientes ense\u00f1anzas: Educaci\u00f3n Secundaria Obligatoria La Educaci\u00f3n Secundaria Obligatoria (ESO) es una etapa educativa obligatoria y gratuita que completa la educaci\u00f3n b\u00e1sica. Su finalidad consiste en lograr que el alumnado [&hellip;]\" \/>\n<meta property=\"og:url\" content=\"https:\/\/iesjuandemairena.org\/index.php\/oferta-educativa\/\" \/>\n<meta property=\"og:site_name\" content=\"IES Juan de Mairena\" \/>\n<meta property=\"article:modified_time\" content=\"2022-07-31T09:32:13+00:00\" \/>\n<meta name=\"twitter:card\" content=\"summary_large_image\" \/>\n<meta name=\"twitter:label1\" content=\"Tiempo de lectura\">\n\t<meta name=\"twitter:data1\" content=\"2 minutos\">\n<script type=\"application\/ld+json\" class=\"yoast-schema-graph\">{\"@context\":\"https:\/\/schema.org\",\"@graph\":[{\"@type\":\"WebSite\",\"@id\":\"https:\/\/iesjuandemairena.org\/#website\",\"url\":\"https:\/\/iesjuandemairena.org\/\",\"name\":\"IES Juan de Mairena\",\"description\":\"Mairena del Aljarafe (Sevilla)\",\"potentialAction\":[{\"@type\":\"SearchAction\",\"target\":\"https:\/\/iesjuandemairena.org\/?s={search_term_string}\",\"query-input\":\"required name=search_term_string\"}],\"inLanguage\":\"es\"},{\"@type\":\"WebPage\",\"@id\":\"https:\/\/iesjuandemairena.org\/index.php\/oferta-educativa\/#webpage\",\"url\":\"https:\/\/iesjuandemairena.org\/index.php\/oferta-educativa\/\",\"name\":\"Oferta educativa - IES Juan de Mairena\",\"isPartOf\":{\"@id\":\"https:\/\/iesjuandemairena.org\/#website\"},\"datePublished\":\"2022-07-31T09:09:15+00:00\",\"dateModified\":\"2022-07-31T09:32:13+00:00\",\"inLanguage\":\"es\",\"potentialAction\":[{\"@type\":\"ReadAction\",\"target\":[\"https:\/\/iesjuandemairena.org\/index.php\/oferta-educativa\/\"]}]}]}<\/script>\n<!-- \/ Yoast SEO plugin. -->","_links":{"self":[{"href":"https:\/\/iesjuandemairena.org\/index.php\/wp-json\/wp\/v2\/pages\/11144"}],"collection":[{"href":"https:\/\/iesjuandemairena.org\/index.php\/wp-json\/wp\/v2\/pages"}],"about":[{"href":"https:\/\/iesjuandemairena.org\/index.php\/wp-json\/wp\/v2\/types\/page"}],"author":[{"embeddable":true,"href":"https:\/\/iesjuandemairena.org\/index.php\/wp-json\/wp\/v2\/users\/8"}],"replies":[{"embeddable":true,"href":"https:\/\/iesjuandemairena.org\/index.php\/wp-json\/wp\/v2\/comments?post=11144"}],"version-history":[{"count":4,"href":"https:\/\/iesjuandemairena.org\/index.php\/wp-json\/wp\/v2\/pages\/11144\/revisions"}],"predecessor-version":[{"id":11173,"href":"https:\/\/iesjuandemairena.org\/index.php\/wp-json\/wp\/v2\/pages\/11144\/revisions\/11173"}],"wp:attachment":[{"href":"https:\/\/iesjuandemairena.org\/index.php\/wp-json\/wp\/v2\/media?parent=11144"}],"curies":[{"name":"wp","href":"https:\/\/api.w.org\/{rel}","templated":true}]}}